{"version":"1.0","provider_name":"ETAMA","provider_url":"https:\/\/etama.cafeblog.hu","author_name":"ETAMA","author_url":"https:\/\/etama.cafeblog.hu\/author\/ETAMA-2\/","title":"2011.06.27.","html":"<P class=MsoNormal style=\"MARGIN: 0cm 0cm 0pt\"><SPAN style=\"FONT-SIZE: 14pt; mso-bidi-font-size: 12.0pt\">Nem tudom ki hogy van vele, de \u00e9n p\u00e9ntek d\u00e9lut\u00e1nra teljesen kipurcantam. <?xml:namespace prefix = o ns = \"urn:schemas-microsoft-com:office:office\" \/><o:p><\/o:p><\/SPAN><\/P>\r\n<P class=MsoNormal style=\"MARGIN: 0cm 0cm 0pt\"><SPAN style=\"FONT-SIZE: 14pt; mso-bidi-font-size: 12.0pt\">A munkahelyen p\u00e9nteken buli volt, ettem egy csom\u00f3t, de \u00fagy norbisan: sok h\u00fast sal\u00e1t\u00e1val. Azt\u00e1n az aut\u00f3b\u00f3l sem voltam hajland\u00f3 kisz\u00e1llni a v\u00e1s\u00e1rl\u00e1sn\u00e1l, min\u00e9l hamarabb haza akartam \u00e9rni. F\u00e9rjnek nem tetszett, de h\u0151siesen megvette a kenyeret, z\u00f6lds\u00e9geket. Otthon egyszer\u0171en bed\u0151ltem az \u00e1gyba, \u00e9s teljes r\u00f6vidz\u00e1rlat \u00e1llt be. Volt m\u00e1r ilyen m\u00e1skor is p\u00e9ntekre, de ez a k\u00e1bas\u00e1g most \u00e1tny\u00falt szombatra is, sz\u00f3val csak aludtam, keltem, azt\u00e1n fek\u00fcdtem etc..<o:p><\/o:p><\/SPAN><\/P>\r\n<P class=MsoNormal style=\"MARGIN: 0cm 0cm 0pt\"><SPAN style=\"FONT-SIZE: 14pt; mso-bidi-font-size: 12.0pt\">Persze \u00edgy vas\u00e1rnap sz\u00edv\u00e1s volt, mert mindent kellett: takar\u00edtani, f\u0151zni, mosni, vasalni. Este kilenckor \u00e1lltam le, \u00fagyhogy ma megint el\u00e9g f\u00e1radt vagyok. <\/SPAN><SPAN style=\"FONT-SIZE: 14pt; FONT-FAMILY: Wingdings; mso-bidi-font-size: 12.0pt; mso-ascii-font-family: TimesNewRomanPSMT; mso-hansi-font-family: TimesNewRomanPSMT; mso-char-type: symbol; mso-symbol-font-family: Wingdings\"><SPAN style=\"mso-char-type: symbol; mso-symbol-font-family: Wingdings\">L<\/SPAN><\/SPAN><SPAN style=\"FONT-SIZE: 14pt; mso-bidi-font-size: 12.0pt\"><o:p><\/o:p><\/SPAN><\/P>\r\n<P>&nbsp;<\/P>\r\n<P class=MsoNormal style=\"MARGIN: 0cm 0cm 0pt\"><SPAN style=\"FONT-SIZE: 14pt; mso-bidi-font-size: 12.0pt\">A m\u00faltkor a k\u00e9t h\u00e9ttel ezel\u0151tti bulir\u00f3l akartam \u00edrni. Nah, az is j\u00f3l kezd\u0151d\u00f6tt. Oda m\u00e9g soha nem kellett csatlakoz\u00e1sra v\u00e1rni, s\u0151t ink\u00e1bb n\u00e9ha azon izgultam, hogy a vonatom id\u0151ben oda\u00e9rjen a csatlakoz\u00e1shoz. Most egy \u00f3r\u00e1t v\u00e1rtam, de a csatlakoz\u00e1s m\u00e9g mindig k\u00e9sett, \u00fagyhogy elmentem a szem\u00e9llyel, ami \u00e9pp akkor indult. A bar\u00e1tn\u0151m m\u00e1r nagyon ideges volt, izgalm\u00e1ban elkezdett iszogatni az \u00e1llom\u00e1son az ismer\u0151s\u00e9vel, \u00fagyhogy el\u00e9gg\u00e9 k\u00e9sz voltak, mire oda\u00e9rtem. Ebb\u0151l ad\u00f3d\u00f3an semmi k\u00e9sztet\u00e9st nem \u00e9reztem, hogy utol\u00e9rjem \u0151ket, ink\u00e1bb pr\u00f3b\u00e1ltam visszafogni a bar\u00e1tn\u0151met. El\u00e9g k\u00fczdelmesre sikeredett a dolog, de az\u00e9rt elsz\u00f3rakoztam \u00e9n is. <o:p><\/o:p><\/SPAN><\/P>\r\n<P class=MsoNormal style=\"MARGIN: 0cm 0cm 0pt\"><SPAN style=\"FONT-SIZE: 14pt; mso-bidi-font-size: 12.0pt\">Azt hiszem ki\u00f6regedtem \u00e9n m\u00e1r ebb\u0151l, vagy csak egyszer\u0171en m\u00e1sfel\u00e9 orient\u00e1l\u00f3dok \u00e9pp, mindenesetre most \u00fagy \u00e9rzem, hogy nem hi\u00e1nyzik m\u00e1r ez nekem. Ott az a sok fiam korabeli gyerek a nosztalgia diszk\u00f3ban, komolyan \u00fagy \u00e9rzem magam n\u00e9ha, mint egy pedofil cukros n\u00e9ni. El tudom k\u00e9pzelni, hogy egy norm\u00e1l dizsiben m\u00e9g fiatalabbak nyomj\u00e1k.<\/SPAN><SPAN style=\"FONT-SIZE: 14pt; FONT-FAMILY: Wingdings; mso-bidi-font-size: 12.0pt; mso-ascii-font-family: TimesNewRomanPSMT; mso-hansi-font-family: TimesNewRomanPSMT; mso-char-type: symbol; mso-symbol-font-family: Wingdings\"><SPAN style=\"mso-char-type: symbol; mso-symbol-font-family: Wingdings\">L<\/SPAN><\/SPAN><SPAN style=\"FONT-SIZE: 14pt; mso-bidi-font-size: 12.0pt\"><o:p><\/o:p><\/SPAN><\/P>\r\n<P class=MsoNormal style=\"MARGIN: 0cm 0cm 0pt\"><SPAN style=\"FONT-SIZE: 14pt; mso-bidi-font-size: 12.0pt\">Ut\u00e1lom a m\u00e1snaposs\u00e1got, de ha az nincs, akkor is kialvatlan vagyok napokig. R\u00e9gebben regener\u00e1l\u00f3dtam egy nap alatt, most enn\u00e9l sokkal t\u00f6bb id\u0151 kell hozz\u00e1.<o:p><\/o:p><\/SPAN><\/P>\r\n<P class=MsoNormal style=\"MARGIN: 0cm 0cm 0pt\"><SPAN style=\"FONT-SIZE: 14pt; mso-bidi-font-size: 12.0pt\">Sajnos a legjobb bar\u00e1tn\u0151mmel most \u00e9pp teljesen ellenkez\u0151 ir\u00e1nyba evez\u00fcnk, de rem\u00e9nykedem, hogy ez a bar\u00e1ts\u00e1gunkat nem befoly\u00e1solja.<o:p><\/o:p><\/SPAN><\/P>\r\n<P class=MsoNormal style=\"MARGIN: 0cm 0cm 0pt\"><SPAN style=\"FONT-SIZE: 14pt; mso-bidi-font-size: 12.0pt\">Neki k\u00e9t \u00e9ves m\u00falt a kisfia, \u00e9s ny\u00e1r elej\u00e9n m\u00e9g azt mondta, hogy augusztusban nekil\u00e1tnak a kistes\u00f3 projektnek. M\u00e9g \u00f6r\u00fcltem is, hogy h\u00e1tha egy\u00fctt, egy id\u0151ben lesz\u00fcnk kismam\u00e1k. <o:p><\/o:p><\/SPAN><\/P>\r\n<P class=MsoNormal style=\"MARGIN: 0cm 0cm 0pt\"><SPAN style=\"FONT-SIZE: 14pt; mso-bidi-font-size: 12.0pt\">Most azt mondja, nem akar m\u00e1sik gyereket, \u00f6r\u00fcl, hogy \u00e9lhet kicsit, \u00e9s a kapcsolat\u00e1ban sem olyan biztos m\u00e1r. Azt \u00e9rzem, hogy verg\u0151dik, nem boldog, \u00e9s f\u00e9ltem is. K\u00f6zben nagyon \u00f3vatosan kell lennem vele, mert azonnal bet\u00e1mad, ha nem \u00fagy sz\u00f3lok.<o:p><\/o:p><\/SPAN><\/P>\r\n<P class=MsoNormal style=\"MARGIN: 0cm 0cm 0pt\"><SPAN style=\"FONT-SIZE: 14pt; mso-bidi-font-size: 12.0pt\">Most azon volt kiakadva, hogy egy bulival ezel\u0151tt \u00f6sszeismerkedett egy t\u00fal fiatal sr\u00e1ccal, aki m\u00e1r az els\u0151 percben nem mondott igazat neki a kor\u00e1val kapcsolatosan, azaz 26-nak mondta mag\u00e1t, de az iwiwen kider\u00fclt, hogy csak 22. Nos ez a kis majom a m\u00falt buliban tojt a bar\u00e1tn\u0151m fej\u00e9re, aki ezen teljesen kiakadt, \u00e9s j\u00f3 kapatosan felszedett egy m\u00e9g fiatalabb sr\u00e1cot: 21 az \u00e1rtatlan. Pr\u00f3b\u00e1ltam \u00e9n kord\u00e1ban tartani a dolgokat, de pr\u00f3b\u00e1ljon meggy\u0151zni valaki egy r\u00e9szeg embert b\u00e1rmir\u0151l is, ez nem olyan egyszer\u0171. Ez\u00e9rt n\u00e9h\u00e1ny nappal k\u00e9s\u0151bb akartam hatni r\u00e1, hogy ezt \u00edgy nem kellene, de nem voltunk egy hull\u00e1mhosszon. Azt mondta, hogy ilyen m\u00e9g nem volt, hogy ennyire ne t\u00e1mogassam, mire \u00e9n mondtam neki, hogy \u0151r\u00fclts\u00e9gben nem is fogom. Ett\u0151l f\u00fcggetlen\u00fcl pr\u00f3b\u00e1lom befogni a nagy sz\u00e1mat, \u00e9s nem tan\u00e1csokat osztogatni, ha nem k\u00e9ri. Csak f\u00e9ltem\u2026<o:p><\/o:p><\/SPAN><\/P>\r\n<P><\/P>","type":"rich"}