{"version":"1.0","provider_name":"ETAMA","provider_url":"https:\/\/etama.cafeblog.hu","author_name":"ETAMA","author_url":"https:\/\/etama.cafeblog.hu\/author\/ETAMA-2\/","title":"2011.12.19.","html":"<P class=MsoNormal style=\"MARGIN: 0cm 0cm 10pt; TEXT-ALIGN: justify\"><FONT face=Calibri>Nagyon elf\u00e1radtam \u00edgy az \u00e9v v\u00e9g\u00e9re, heti egy s\u00edr\u00e1s \u00e1tlagosan bor\u00edt\u00e9kolhat\u00f3 n\u00e1lam. Lassan azon sem csod\u00e1lkozn\u00e9k, ha F\u00e9rj rutinb\u00f3l el\u0151k\u00e9t taratana a nyak\u00e1ban, hogy a k\u00f6nnyeim ne \u00e1ztass\u00e1k \u00e1t a p\u00f3l\u00f3j\u00e1t. Nem vagyok rosszul, csak a f\u00e1radts\u00e1g t\u00f6r utat \u00edgy mag\u00e1nak.<\/FONT><\/P>\r\n<P class=MsoNormal style=\"MARGIN: 0cm 0cm 10pt; TEXT-ALIGN: justify\"><FONT face=Calibri>T\u00e1gabb csal\u00e1dom most egy r\u00e9m\u00e1lom, \u00e9s b\u00e1rmennyire is pr\u00f3b\u00e1lom f\u00fcggetlen\u00edteni magam t\u0151l\u00fck, az\u00e9rt sz\u00edvj\u00e1k az energi\u00e1mat rendesen.<\/FONT><\/P>\r\n<P class=MsoNormal style=\"MARGIN: 0cm 0cm 10pt; TEXT-ALIGN: justify\"><FONT face=Calibri>Sz\u0171kebb csal\u00e1domban is bebizonyosodott, hogy a demokratikus nevel\u00e9snek is megvannak a h\u00e1tul\u00fct\u0151i, \u00edgy ezen a vonalon sem jellemz\u0151 az energiad\u00f6mping. <\/FONT><\/P>\r\n<P class=MsoNormal style=\"MARGIN: 0cm 0cm 10pt; TEXT-ALIGN: justify\"><FONT face=Calibri>Munka ter\u00fclet\u00e9n csak a szok\u00e1sos, de egyre kev\u00e9sb\u00e9 vagyok toler\u00e1ns.<\/FONT><\/P>\r\n<P class=MsoNormal style=\"MARGIN: 0cm 0cm 10pt; TEXT-ALIGN: justify\"><FONT face=Calibri>Az\u00e9rt, hogy j\u00f3t is mondjak: F\u00e9rjjel minden ok, nem is tudom, mi lenne velem n\u00e9lk\u00fcle. J\u00f3 kis csapat vagyunk mi egy\u00fctt. <\/FONT><SPAN style=\"FONT-FAMILY: Wingdings; mso-ascii-font-family: Calibri; mso-hansi-font-family: Calibri; mso-char-type: symbol; mso-symbol-font-family: Wingdings\"><SPAN style=\"mso-char-type: symbol; mso-symbol-font-family: Wingdings\">J<\/SPAN><\/SPAN><\/P>\r\n<P class=MsoNormal style=\"MARGIN: 0cm 0cm 10pt; TEXT-ALIGN: justify\"><FONT face=Calibri>P\u00e9nteken megvolt a Kar\u00e1csony el\u0151tti m\u00e9zeskal\u00e1cs s\u00fct\u00e9s-d\u00edsz\u00edt\u00e9s. Ezt nagyon szeretj\u00fck, mert r\u00e1hangolja az embert az \u00fcnnepekre. Most azt had felejtsem el, hogy a v\u00e9g\u00e9n F\u00e9rj \u00e9s Kismacs\u00f3 m\u00e1r diszn\u00f3s\u00e1gokat is rajzolt a m\u00e9zeskal\u00e1cs sz\u00edvecsk\u00e9kre. <\/FONT><SPAN style=\"FONT-FAMILY: Wingdings; mso-ascii-font-family: Calibri; mso-hansi-font-family: Calibri; mso-char-type: symbol; mso-symbol-font-family: Wingdings\"><SPAN style=\"mso-char-type: symbol; mso-symbol-font-family: Wingdings\">L<\/SPAN><\/SPAN><\/P>\r\n<P class=MsoNormal style=\"MARGIN: 0cm 0cm 10pt; TEXT-ALIGN: justify\"><FONT face=Calibri>Szombaton elutaztunk az \u00e9n csal\u00e1dom egy r\u00e9sz\u00e9hez, vas\u00e1rnap meg takar\u00edtottam, mint egy g\u00e9p. Azt nem mondom, hogy minden tot\u00e1lra k\u00e9sz, de a legfontosabb mel\u00f3kat letudtam, \u00e9s m\u00e1r a f\u00e1nk is az erk\u00e9lyen van.<\/FONT><\/P>\r\n<P class=MsoNormal style=\"MARGIN: 0cm 0cm 10pt; TEXT-ALIGN: justify\"><FONT face=Calibri>Ma F\u00e9rj aj\u00e1nd\u00e9ka ut\u00e1n akarok j\u00e1rni, holnap Kismacs\u00f3 kar\u00e1csonyi \u00fcnneps\u00e9g\u00e9re megy\u00fcnk, \u00e9s m\u00e9g egy nagy bev\u00e1s\u00e1rl\u00e1st is akarok csin\u00e1lni cs\u00fct\u00f6rt\u00f6k\u00f6n. Mindezt munka mellett, mert nincs r\u00e1 m\u00f3d, hogy szabira menjek. Majd k\u00e9t \u00fcnnep k\u00f6z\u00f6tt, cs\u00fct\u00f6rt\u00f6k kiv\u00e9tel\u00e9vel otthon leszek, m\u00e1r alig v\u00e1rom.<\/FONT><\/P>\r\n<P class=MsoNormal style=\"MARGIN: 0cm 0cm 10pt; TEXT-ALIGN: justify\"><FONT face=Calibri>Szilveszter. Nagyon rajta voltam, hogy otthon ne maradjunk, de mi\u00f3ta tudatosult bennem, hogy szombaton lesz Szilveszter, vas\u00e1rnap meg elseje\u2026, na az\u00f3ta m\u00e1r nem is annyira fontos a dolog, mert h\u00e9tf\u0151n munka. <\/FONT><SPAN style=\"FONT-FAMILY: Wingdings; mso-ascii-font-family: Calibri; mso-hansi-font-family: Calibri; mso-char-type: symbol; mso-symbol-font-family: Wingdings\"><SPAN style=\"mso-char-type: symbol; mso-symbol-font-family: Wingdings\">L<\/SPAN><\/SPAN><\/P>\r\n<P class=MsoNormal style=\"MARGIN: 0cm 0cm 10pt; TEXT-ALIGN: justify\"><FONT face=Calibri>Mondtam m\u00e1r, hogy minden este Val\u00f3 Vil\u00e1got n\u00e9zek? Ez is olyan jellemz\u0151 erre a zombi \u00fczemm\u00f3domra. Nem, nem vagyok r\u00e1 b\u00fcszke, de b\u00e1rmikor megmagyar\u00e1zom, hogy \u00e9rdekes tanulm\u00e1nyoz\u00e1sa lehet a m\u0171sor a csoportdinamik\u00e1nak. <\/FONT><SPAN style=\"FONT-FAMILY: Wingdings; mso-ascii-font-family: Calibri; mso-hansi-font-family: Calibri; mso-char-type: symbol; mso-symbol-font-family: Wingdings\"><SPAN style=\"mso-char-type: symbol; mso-symbol-font-family: Wingdings\">J<\/SPAN><\/SPAN><FONT face=Calibri> Na ugye?!<\/FONT><\/P>\r\n<P class=MsoNormal style=\"MARGIN: 0cm 0cm 10pt; TEXT-ALIGN: justify\"><FONT face=Calibri>Sz\u00f3val, ha tudod, hogy mir\u0151l besz\u00e9lek: lev\u00e1gattam a hajam ver\u00e1sra, de att\u00f3l m\u00e9g nem vagyok olyan h.lye p.csa. Rem\u00e9lem\u2026<SPAN style=\"mso-spacerun: yes\">&nbsp; <\/SPAN><\/FONT><SPAN style=\"FONT-FAMILY: Wingdings; mso-ascii-font-family: Calibri; mso-hansi-font-family: Calibri; mso-char-type: symbol; mso-symbol-font-family: Wingdings\"><SPAN style=\"mso-char-type: symbol; mso-symbol-font-family: Wingdings\">J<\/SPAN><\/SPAN><FONT face=Calibri> <\/FONT><\/P>\r\n<P class=MsoNormal style=\"MARGIN: 0cm 0cm 10pt; TEXT-ALIGN: justify\"><FONT face=Calibri>A k\u00f6rm\u00f6m hol v\u00e9rv\u00f6r\u00f6s, hol m\u00e9lyk\u00e9k, enn\u00e9l szer\u00e9nyebb most nem kell. Jobb k\u00e9zzel a bal k\u00f6rm\u00f6k festeget\u00e9se nagyszer\u0171en megy m\u00e1r, de ford\u00edtva nem nagyon. Ez\u00e9rt kital\u00e1ltam, hogy miben tud F\u00e9rj seg\u00edteni, ha m\u00e1r a fest\u00e9s nem megy neki: k\u00f6r\u00f6mlakklemos\u00f3ba m\u00e1rtott f\u00fcltiszt\u00edt\u00f3val \u0151 pucev\u00e1lja k\u00f6rbe a jobb kezemen a b\u0151rt, amit \u00f3hatatlanul bem\u00e1zolok mindig. Nagyszer\u0171en csin\u00e1lja, m\u00e9rn\u00f6ki pontoss\u00e1ggal, ha m\u00e1r m\u00e9rn\u00f6k a dr\u00e1ga. <\/FONT><SPAN style=\"FONT-FAMILY: Wingdings; mso-ascii-font-family: Calibri; mso-hansi-font-family: Calibri; mso-char-type: symbol; mso-symbol-font-family: Wingdings\"><SPAN style=\"mso-char-type: symbol; mso-symbol-font-family: Wingdings\">J<\/SPAN><\/SPAN><\/P>\r\n<P class=MsoNormal style=\"MARGIN: 0cm 0cm 10pt; TEXT-ALIGN: justify\"><FONT face=Calibri>Mostan\u00e1ban sek\u00e9lyes vagyok?! <SPAN style=\"mso-spacerun: yes\">&nbsp;<\/SPAN>\u00cdgy pihenek bakker!<SPAN style=\"mso-spacerun: yes\">&nbsp;&nbsp; <\/SPAN><\/FONT><\/P>\r\n<P>&nbsp;<\/P>","type":"rich"}