{"version":"1.0","provider_name":"ETAMA","provider_url":"https:\/\/etama.cafeblog.hu","author_name":"ETAMA","author_url":"https:\/\/etama.cafeblog.hu\/author\/ETAMA-2\/","title":"\u00c9s vitaminok megint","html":"Ma r\u00e1sz\u00e1ntam egy kis id\u0151t, \u00e9s \u00f6sszeszedtem, hogy milyen vitaminokat eszek \u00e9pp, \u00e9s mit kellene m\u00e9g. Majd a \"mit kellene m\u00e9g\"-et megvettem. \u00datk\u00f6zben a gy\u00f3gyszert\u00e1r fel\u00e9 \u00f6sszeakadtam egy \u00fcgyfelemmel, \u00fagyhogy tartottam egy vill\u00e1m fogad\u00e1st, \u00edgy egy csap\u00e1sra k\u00e9t dolgot is elgerebly\u00e9ztem. ;-)\r\n\r\nEz itt az alap, amit Marcsy k\u00fcld\u00f6tt nekem, \u00e9s nincs benne j\u00f3d:\r\n\r\n<a href=\"https:\/\/etama.cafeblog.hu\/files\/2015\/03\/vitamin.jpg\"><img src=\"https:\/\/etama.cafeblog.hu\/files\/2015\/03\/vitamin.jpg\" alt=\"vitamin\" width=\"225\" height=\"225\" class=\"aligncenter size-full wp-image-1982\" \/><\/a>\r\n\r\nEz meg itt az akt\u00edv folsav pluszba:\r\n\r\n<a href=\"https:\/\/etama.cafeblog.hu\/files\/2015\/03\/vitamin2.jpg\"><img src=\"https:\/\/etama.cafeblog.hu\/files\/2015\/03\/vitamin2-180x300.jpg\" alt=\"vitamin2\" width=\"180\" height=\"300\" class=\"aligncenter size-medium wp-image-1983\" \/><\/a>\r\n\r\nEzekhez ma vettem m\u00e9g ezt:\r\n\r\n<a href=\"https:\/\/etama.cafeblog.hu\/files\/2015\/03\/vitamin-3.jpg\"><img src=\"https:\/\/etama.cafeblog.hu\/files\/2015\/03\/vitamin-3-300x208.jpg\" alt=\"vitamin 3\" width=\"300\" height=\"208\" class=\"aligncenter size-medium wp-image-1984\" \/><\/a>\r\n\r\nMeg ezt:\r\n\r\n<a href=\"https:\/\/etama.cafeblog.hu\/files\/2015\/03\/vitamin5.jpg\"><img src=\"https:\/\/etama.cafeblog.hu\/files\/2015\/03\/vitamin5-300x225.jpg\" alt=\"vitamin5\" width=\"300\" height=\"225\" class=\"aligncenter size-medium wp-image-1985\" \/><\/a>\r\n\r\nVettem m\u00e9g ezt is, b\u00e1r az endos' doki szerint ebben lehet j\u00f3d, tekintve, hogy tengeri halb\u00f3l van:\r\n\r\n<a href=\"https:\/\/etama.cafeblog.hu\/files\/2015\/03\/vitamin-4.jpg\"><img src=\"https:\/\/etama.cafeblog.hu\/files\/2015\/03\/vitamin-4-217x300.jpg\" alt=\"vitamin 4\" width=\"217\" height=\"300\" class=\"aligncenter size-medium wp-image-1986\" \/><\/a>\r\n\r\n\u00c9n a hangs\u00falyt a \"lehet\"-en hagyom, mert egy\u00e9bk\u00e9nt nagyon hasznos t\u00e1pl\u00e1l\u00e9kkieg\u00e9sz\u00edt\u0151, \u00e9s nem l\u00e1tok benne j\u00f3dot \u00f6sszetev\u0151k\u00e9nt, viszont omega 3 zs\u00edrsavat igen EPA-val, DHA-val. Azt hiszem j\u00f3 lesz ez \u00c9dessz\u00edvemnek \u00e9s a gyerekeknek is. El fog fogyni. ;-)\r\n\r\nM\u00e1r szedem a Medrolt is. H\u00e1t jah. Tulajdonk\u00e9ppen elkezd\u0151d\u00f6tt. :-)  ","type":"rich"}